{"id":2158,"date":"2015-05-04T18:05:28","date_gmt":"2015-05-04T17:05:28","guid":{"rendered":"http:\/\/grandissons.org\/?post_type=tribe_events&#038;p=2158"},"modified":"2015-05-04T18:31:52","modified_gmt":"2015-05-04T17:31:52","slug":"papotons-chez-grandissons-9","status":"publish","type":"tribe_events","link":"https:\/\/grandissons.org\/?tribe_events=papotons-chez-grandissons-9","title":{"rendered":"Papotons chez Grandissons (SMAR)"},"content":{"rendered":"<p>Le <strong>samedi 23 mai, de 16h\u00a0\u00e0 19h<\/strong>, un caf\u00e9 des parents, \u00ab\u00a0<strong>papotons chez\u00a0<em>Grandissons<\/em><\/strong>\u00a0\u00bb pour discuter entre parents et futurs parents.<\/p>\n<p><a href=\"http:\/\/grandissons.org\/?page_id=497\">http:\/\/grandissons.org\/?page_id=497\u00a0<\/a><\/p>\n<p style=\"text-align: justify;\">Je vous propose un nouveau caf\u00e9 des parents qui sera sur le <span style=\"text-decoration: underline;\">th\u00e8me de la naissance<\/span>, dans le cadre de la <strong>Semaine Mondiale de l&rsquo;Accouchement Respect\u00e9<\/strong>.<br \/>\nVos enfants sont \u00e9videmment les bienvenus les papas aussi. Le nombre de places \u00e9tant limit\u00e9 pensez \u00e0 vous inscrire (l&rsquo;adresse vous sera communiqu\u00e9e apr\u00e8s inscription).<br \/>\nLes personnes inscrites sont pri\u00e9es de confirmer leur venue la veille au plus tard.<br \/>\nVous pouvez emmener quelque chose \u00e0 partager (g\u00e2teau, ou autre) si vous le souhaitez.<\/p>\n<p style=\"text-align: justify;\"><a href=\"http:\/\/grandissons.org\/wp-content\/uploads\/2015\/05\/affiche_papotons_SMAR.jpg\"><img decoding=\"async\" loading=\"lazy\" class=\"aligncenter  wp-image-2159\" src=\"http:\/\/grandissons.org\/wp-content\/uploads\/2015\/05\/affiche_papotons_SMAR.jpg\" alt=\"affiche_papotons_SMAR\" width=\"500\" height=\"404\" srcset=\"https:\/\/grandissons.org\/wp-content\/uploads\/2015\/05\/affiche_papotons_SMAR.jpg 720w, https:\/\/grandissons.org\/wp-content\/uploads\/2015\/05\/affiche_papotons_SMAR-300x243.jpg 300w\" sizes=\"(max-width: 500px) 100vw, 500px\" \/><\/a><\/p>\n<p style=\"text-align: justify;\">Pour en savoir plus sur la SMAR :\u00a0<a href=\"http:\/\/grandissons.org\/?page_id=2105\" target=\"_blank\">http:\/\/grandissons.org\/?page_id=2105<\/a><\/p>\n","protected":false},"excerpt":{"rendered":"<p>Le samedi 23 mai, de 16h\u00a0\u00e0 19h, un caf\u00e9 des parents, \u00ab\u00a0papotons chez\u00a0Grandissons\u00a0\u00bb pour discuter entre parents et futurs parents. http:\/\/grandissons.org\/?page_id=497\u00a0 Je vous propose un nouveau caf\u00e9 des parents qui sera sur le th\u00e8me de la naissance, dans le cadre de la Semaine Mondiale de l&rsquo;Accouchement Respect\u00e9. Vos enfants sont \u00e9videmment les bienvenus les papas &#8230;<span class=\"read-more\"><a href=\"https:\/\/grandissons.org\/?tribe_events=papotons-chez-grandissons-9\">>>Read more<\/a><\/span><\/p>\n","protected":false},"author":1,"featured_media":0,"comment_status":"open","ping_status":"open","template":"","meta":{"_tribe_events_status":"","_tribe_events_status_reason":""},"tags":[],"tribe_events_cat":[90,81,86,82],"_links":{"self":[{"href":"https:\/\/grandissons.org\/index.php?rest_route=\/wp\/v2\/tribe_events\/2158"}],"collection":[{"href":"https:\/\/grandissons.org\/index.php?rest_route=\/wp\/v2\/tribe_events"}],"about":[{"href":"https:\/\/grandissons.org\/index.php?rest_route=\/wp\/v2\/types\/tribe_events"}],"author":[{"embeddable":true,"href":"https:\/\/grandissons.org\/index.php?rest_route=\/wp\/v2\/users\/1"}],"replies":[{"embeddable":true,"href":"https:\/\/grandissons.org\/index.php?rest_route=%2Fwp%2Fv2%2Fcomments&post=2158"}],"version-history":[{"count":0,"href":"https:\/\/grandissons.org\/index.php?rest_route=\/wp\/v2\/tribe_events\/2158\/revisions"}],"wp:attachment":[{"href":"https:\/\/grandissons.org\/index.php?rest_route=%2Fwp%2Fv2%2Fmedia&parent=2158"}],"wp:term":[{"taxonomy":"post_tag","embeddable":true,"href":"https:\/\/grandissons.org\/index.php?rest_route=%2Fwp%2Fv2%2Ftags&post=2158"},{"taxonomy":"tribe_events_cat","embeddable":true,"href":"https:\/\/grandissons.org\/index.php?rest_route=%2Fwp%2Fv2%2Ftribe_events_cat&post=2158"}],"curies":[{"name":"wp","href":"https:\/\/api.w.org\/{rel}","templated":true}]}}