{"id":1369,"date":"2014-10-03T20:58:00","date_gmt":"2014-10-03T19:58:00","guid":{"rendered":"http:\/\/grandissons.org\/?post_type=tribe_events&#038;p=1369"},"modified":"2014-10-31T15:39:44","modified_gmt":"2014-10-31T14:39:44","slug":"portons-chez-grandissons","status":"publish","type":"tribe_events","link":"https:\/\/grandissons.org\/?tribe_events=portons-chez-grandissons","title":{"rendered":"Portons chez Grandissons"},"content":{"rendered":"<p>Partage des exp\u00e9riences du portage des enfants autour d&rsquo;un pique-nique \u00e0 l&rsquo;occasion de la <strong>Semaine Internationale du Portage<\/strong><\/p>\n<p style=\"text-align: justify;\"><a href=\"http:\/\/grandissons.org\/wp-content\/uploads\/2014\/10\/1506368_10151791406771822_983472791_o-1.jpg\"><img decoding=\"async\" loading=\"lazy\" class=\"aligncenter size-medium wp-image-1370\" src=\"http:\/\/grandissons.org\/wp-content\/uploads\/2014\/10\/1506368_10151791406771822_983472791_o-1-300x112.jpg\" alt=\"1506368_10151791406771822_983472791_o (1)\" width=\"300\" height=\"112\" srcset=\"https:\/\/grandissons.org\/wp-content\/uploads\/2014\/10\/1506368_10151791406771822_983472791_o-1-300x112.jpg 300w, https:\/\/grandissons.org\/wp-content\/uploads\/2014\/10\/1506368_10151791406771822_983472791_o-1-1024x384.jpg 1024w, https:\/\/grandissons.org\/wp-content\/uploads\/2014\/10\/1506368_10151791406771822_983472791_o-1.jpg 1060w\" sizes=\"(max-width: 300px) 100vw, 300px\" \/><\/a><br \/>\nL&rsquo;id\u00e9e est que les parents viennent avec leurs diff\u00e9rents moyens de portage afin de partager leurs exp\u00e9riences avec d&rsquo;autres, que les novices puissent d\u00e9couvrir et que toutes et tous puissent toucher\/tester ce qu&rsquo;elles et ils ne connaissent pas encore (\u00e9charpes, sling, mei-tai, pr\u00e9form\u00e9s, etc.).<\/p>\n<p>&nbsp;<\/p>\n<p>Avec <strong>Marine<\/strong>, notre sp\u00e9cialiste du portage !<\/p>\n<p>&nbsp;<\/p>\n<p><strong>Acc\u00e8s bus : n\u00b017<\/strong><\/p>\n<p><a href=\"http:\/\/grandissons.org\/wp-content\/uploads\/2014\/10\/portons_091014.jpg\"><img decoding=\"async\" loading=\"lazy\" class=\"aligncenter size-large wp-image-1371\" src=\"http:\/\/grandissons.org\/wp-content\/uploads\/2014\/10\/portons_091014-771x1024.jpg\" alt=\"portons_091014\" width=\"670\" height=\"889\" srcset=\"https:\/\/grandissons.org\/wp-content\/uploads\/2014\/10\/portons_091014-771x1024.jpg 771w, https:\/\/grandissons.org\/wp-content\/uploads\/2014\/10\/portons_091014-225x300.jpg 225w, https:\/\/grandissons.org\/wp-content\/uploads\/2014\/10\/portons_091014.jpg 1077w\" sizes=\"(max-width: 670px) 100vw, 670px\" \/><\/a><\/p>\n<p>&nbsp;<\/p>\n","protected":false},"excerpt":{"rendered":"<p>Partage des exp\u00e9riences du portage des enfants autour d&rsquo;un pique-nique \u00e0 l&rsquo;occasion de la Semaine Internationale du Portage L&rsquo;id\u00e9e est que les parents viennent avec leurs diff\u00e9rents moyens de portage afin de partager leurs exp\u00e9riences avec d&rsquo;autres, que les novices puissent d\u00e9couvrir et que toutes et tous puissent toucher\/tester ce qu&rsquo;elles et ils ne connaissent &#8230;<span class=\"read-more\"><a href=\"https:\/\/grandissons.org\/?tribe_events=portons-chez-grandissons\">>>Read more<\/a><\/span><\/p>\n","protected":false},"author":1,"featured_media":0,"comment_status":"open","ping_status":"open","template":"","meta":{"_tribe_events_status":"","_tribe_events_status_reason":""},"tags":[9,79,60,8],"tribe_events_cat":[85,87,84,82],"_links":{"self":[{"href":"https:\/\/grandissons.org\/index.php?rest_route=\/wp\/v2\/tribe_events\/1369"}],"collection":[{"href":"https:\/\/grandissons.org\/index.php?rest_route=\/wp\/v2\/tribe_events"}],"about":[{"href":"https:\/\/grandissons.org\/index.php?rest_route=\/wp\/v2\/types\/tribe_events"}],"author":[{"embeddable":true,"href":"https:\/\/grandissons.org\/index.php?rest_route=\/wp\/v2\/users\/1"}],"replies":[{"embeddable":true,"href":"https:\/\/grandissons.org\/index.php?rest_route=%2Fwp%2Fv2%2Fcomments&post=1369"}],"version-history":[{"count":0,"href":"https:\/\/grandissons.org\/index.php?rest_route=\/wp\/v2\/tribe_events\/1369\/revisions"}],"wp:attachment":[{"href":"https:\/\/grandissons.org\/index.php?rest_route=%2Fwp%2Fv2%2Fmedia&parent=1369"}],"wp:term":[{"taxonomy":"post_tag","embeddable":true,"href":"https:\/\/grandissons.org\/index.php?rest_route=%2Fwp%2Fv2%2Ftags&post=1369"},{"taxonomy":"tribe_events_cat","embeddable":true,"href":"https:\/\/grandissons.org\/index.php?rest_route=%2Fwp%2Fv2%2Ftribe_events_cat&post=1369"}],"curies":[{"name":"wp","href":"https:\/\/api.w.org\/{rel}","templated":true}]}}