{"id":2667,"date":"2023-10-05T19:07:07","date_gmt":"2023-10-05T17:07:07","guid":{"rendered":"http:\/\/grandissons.org\/?page_id=2667"},"modified":"2023-10-05T19:07:07","modified_gmt":"2023-10-05T17:07:07","slug":"parlons-naissance","status":"publish","type":"page","link":"https:\/\/grandissons.org\/?page_id=2667","title":{"rendered":"Les r\u00e9unions Parlons Naissance et Parentage"},"content":{"rendered":"<div dir=\"ltr\">Parents qui attendez un enfant, venez \u00e9changer et partager questionnements, projets, id\u00e9es, craintes, souhaits&#8230; au sujet de la grossesse et de l&rsquo;accouchement.<\/div>\n<div dir=\"ltr\"><\/div>\n<div dir=\"ltr\">Parce que les questionnements ne s&rsquo;arr\u00eatent pas le jour de la naissance, nouveaux parents, rejoignez-nous, que ce soit pour venir partager votre exp\u00e9rience sur le grand \u00e9v\u00e9nement qu&rsquo;est la naissance et que vous venez de vivre, que pour discuter sur tout ce qui a rapport avec b\u00e9b\u00e9 (alimentation, sommeil, portage du b\u00e9b\u00e9,\u00a0 solitudes et craintes de ses parents&#8230;)<\/div>\n<p>Un lundi par mois, dans le quartier St Roch \u00e0 Nice Est.<\/p>\n<p>Prochaines dates :<\/p>\n<ul>\n<li>26 septembre 2023 \u00e0 14h<\/li>\n<li>lundi 16 octobre 2023 \u00e0 10h<\/li>\n<li>lundi 13 novembre 2023 \u00e0 14h<\/li>\n<li>lundi 18 d\u00e9cembre \u00e0 10h<\/li>\n<li>&#8230; \u00e0 suivre !<\/li>\n<\/ul>\n<p>Surveillez <a href=\"http:\/\/grandissons.org\/?post_type=tribe_events\" target=\"_blank\" rel=\"noopener noreferrer\">notre agenda<\/a> !<a href=\"http:\/\/grandissons.org\/wp-content\/uploads\/2016\/01\/prop1-image_m.jpg\"><img decoding=\"async\" loading=\"lazy\" class=\"aligncenter wp-image-2669 size-large\" src=\"http:\/\/grandissons.org\/wp-content\/uploads\/2016\/05\/prop6-avec-2papas_m-1024x640.jpg\" alt=\"prop6 avec 2papas_m\" width=\"670\" height=\"419\" srcset=\"https:\/\/grandissons.org\/wp-content\/uploads\/2016\/05\/prop6-avec-2papas_m-1024x640.jpg 1024w, https:\/\/grandissons.org\/wp-content\/uploads\/2016\/05\/prop6-avec-2papas_m-300x188.jpg 300w, https:\/\/grandissons.org\/wp-content\/uploads\/2016\/05\/prop6-avec-2papas_m-133x83.jpg 133w\" sizes=\"(max-width: 670px) 100vw, 670px\" \/><\/a><\/p>\n","protected":false},"excerpt":{"rendered":"<p>Parents qui attendez un enfant, venez \u00e9changer et partager questionnements, projets, id\u00e9es, craintes, souhaits&#8230; au sujet de la grossesse et de l&rsquo;accouchement. Parce que les questionnements ne s&rsquo;arr\u00eatent pas le jour de la naissance, nouveaux parents, rejoignez-nous, que ce soit pour venir partager votre exp\u00e9rience sur le grand \u00e9v\u00e9nement qu&rsquo;est la naissance et que vous &#8230;<span class=\"read-more\"><a href=\"https:\/\/grandissons.org\/?page_id=2667\">>>Read more<\/a><\/span><\/p>\n","protected":false},"author":1,"featured_media":0,"parent":1397,"menu_order":0,"comment_status":"open","ping_status":"open","template":"","meta":{"footnotes":""},"_links":{"self":[{"href":"https:\/\/grandissons.org\/index.php?rest_route=\/wp\/v2\/pages\/2667"}],"collection":[{"href":"https:\/\/grandissons.org\/index.php?rest_route=\/wp\/v2\/pages"}],"about":[{"href":"https:\/\/grandissons.org\/index.php?rest_route=\/wp\/v2\/types\/page"}],"author":[{"embeddable":true,"href":"https:\/\/grandissons.org\/index.php?rest_route=\/wp\/v2\/users\/1"}],"replies":[{"embeddable":true,"href":"https:\/\/grandissons.org\/index.php?rest_route=%2Fwp%2Fv2%2Fcomments&post=2667"}],"version-history":[{"count":9,"href":"https:\/\/grandissons.org\/index.php?rest_route=\/wp\/v2\/pages\/2667\/revisions"}],"predecessor-version":[{"id":4382,"href":"https:\/\/grandissons.org\/index.php?rest_route=\/wp\/v2\/pages\/2667\/revisions\/4382"}],"up":[{"embeddable":true,"href":"https:\/\/grandissons.org\/index.php?rest_route=\/wp\/v2\/pages\/1397"}],"wp:attachment":[{"href":"https:\/\/grandissons.org\/index.php?rest_route=%2Fwp%2Fv2%2Fmedia&parent=2667"}],"curies":[{"name":"wp","href":"https:\/\/api.w.org\/{rel}","templated":true}]}}