{"id":2562,"date":"2023-10-05T19:00:39","date_gmt":"2023-10-05T17:00:39","guid":{"rendered":"http:\/\/grandissons.org\/?page_id=2562"},"modified":"2023-10-05T19:00:39","modified_gmt":"2023-10-05T17:00:39","slug":"cycle-dateliers-conferences","status":"publish","type":"page","link":"https:\/\/grandissons.org\/?page_id=2562","title":{"rendered":"Cycle d&rsquo;ateliers-conf\u00e9rences"},"content":{"rendered":"<p><span style=\"color: #ff0000;\">En pause&#8230; mais ils font partie de notre histoire \ud83d\ude42<\/span><\/p>\n<p>Sur les th\u00e8mes :<\/p>\n<h3><b>Communication \u2013 relations \u2013\u00a0langage<\/b><\/h3>\n<p style=\"text-align: justify;\">Chez Bubulle Caf\u00e9, 3 rue Beno\u00eet Bunico dans le Vieux-Nice.<\/p>\n<p style=\"text-align: justify;\">Plusieurs soir\u00e9es vous seront propos\u00e9es. Des intervenants chaque fois diff\u00e9rents, tout au long de l\u2019ann\u00e9e, viendront pr\u00e9senter des concepts et des outils que vous aurez l\u2019opportunit\u00e9 de mettre en pratique dans le temps de l\u2019atelier.<\/p>\n<p style=\"text-align: justify;\">Une participation libre vous sera demand\u00e9e, afin de permettre de r\u00e9tribuer l&rsquo;intervenant.e et d&rsquo;aider aux frais.<\/p>\n<p style=\"text-align: justify;\">Nombre de places limit\u00e9, merci de r\u00e9server (mail \u00e0 grandissons at free.fr). Ces soir\u00e9es d\u00e9di\u00e9es ne sont pas sp\u00e9cifiquement pour les parents (sauf si pr\u00e9cis\u00e9) et il est demand\u00e9 que toute personne pr\u00e9sente soit participante (un \u00e2ge minimum sera pr\u00e9cis\u00e9 selon les interventions).<\/p>\n<hr \/>\n<p><strong>Vendredi 1er Juillet 2016<\/strong><\/p>\n<p>Marine Vigneau et Vicky Brougiannaki nous pr\u00e9sentent \u00ab\u00a0l&#8217;empathie au service de la relation\u00a0\u00bb<\/p>\n<hr \/>\n<p><strong>Jeudi 26 mai 2016<\/strong><\/p>\n<p>Eva Grisvard nous pr\u00e9sente la m\u00e9thode ESPERE de Jacques Salom\u00e9.<\/p>\n<p>Pour en savoir plus sur les ateliers propos\u00e9s par Eva :\u00a0<a href=\"http:\/\/www.eva-grisvard.com\/comrel.htm\" target=\"_blank\" rel=\"noopener\">http:\/\/www.eva-grisvard.com\/comrel.htm<\/a><\/p>\n<p>L&rsquo;\u00e9v\u00e9nement sur l&rsquo;agenda :\u00a0<a href=\"http:\/\/grandissons.org\/?tribe_events=cycle-communication-relations-langage-methode-espere\" target=\"_blank\" rel=\"noopener\">http:\/\/grandissons.org\/?tribe_events=cycle-communication-relations-langage-methode-espere<\/a><\/p>\n<p><img decoding=\"async\" loading=\"lazy\" class=\"aligncenter wp-image-2674\" src=\"http:\/\/grandissons.org\/wp-content\/uploads\/2016\/03\/corel_img-751x1024.jpg\" alt=\"corel_img\" width=\"500\" height=\"682\" srcset=\"https:\/\/grandissons.org\/wp-content\/uploads\/2016\/03\/corel_img-751x1024.jpg 751w, https:\/\/grandissons.org\/wp-content\/uploads\/2016\/03\/corel_img-220x300.jpg 220w, https:\/\/grandissons.org\/wp-content\/uploads\/2016\/03\/corel_img-133x181.jpg 133w, https:\/\/grandissons.org\/wp-content\/uploads\/2016\/03\/corel_img.jpg 1055w\" sizes=\"(max-width: 500px) 100vw, 500px\" \/><\/p>\n<hr \/>\n<p><strong>Vendredi 18 mars 2016<\/strong><\/p>\n<p style=\"text-align: justify;\">\u00e0 partir de 18h30 si vous voulez prendre votre repas sur place (r\u00e9servation indispensable).\u00a0D\u00e8s 19h30 pour le d\u00e9but de l&rsquo;atelier.<\/p>\n<p style=\"text-align: justify;\">Le nombre de places est limit\u00e9 \u00e0 20 personnes, et \u00e0 partir de 12 ans.<\/p>\n<p style=\"text-align: justify;\"><span style=\"text-decoration: underline;\">J\u00e9r\u00e9my\u00a0Bemon\u00a0de l&rsquo;association Les Gouttes d&rsquo;O viendra pr\u00e9senter l&rsquo;<strong>atelier d&rsquo;entraide affective<\/strong><\/span><\/p>\n<blockquote>\n<p style=\"text-align: justify;\"><em>\u00ab\u00a0cet atelier d\u2019une grande simplicit\u00e9 vise \u00e0 permettre \u00e0 un groupe d\u2019individus de lib\u00e9rer la puissance potentielle qu\u2019exprime chaque situation d\u2019impuissance (les \u00ab\u00a0r\u00e2lages\u00a0\u00bb) ainsi que chaque r\u00e9jouissance particuli\u00e8re (les \u00ab\u00a0r\u00e9galages\u00a0\u00bb), en s\u2019invitant \u00e0 assumer la responsabilit\u00e9 et le sens concret de nos affects.\u00a0\u00bb<\/em><\/p>\n<\/blockquote>\n<p style=\"text-align: justify;\">Pour en savoir plus sur cette association et cet atelier :\u00a0<a href=\"http:\/\/lesgouttesdo.net\/latelier-dentraide-affective\/\" target=\"_blank\" rel=\"noopener\">http:\/\/lesgouttesdo.net\/latelier-dentraide-affective\/<\/a><\/p>\n<hr \/>\n<p><iframe loading=\"lazy\" style=\"border: 0;\" src=\"https:\/\/www.google.com\/maps\/embed?pb=!1m18!1m12!1m3!1d2884.600978133665!2d7.275011115734073!3d43.698058279119884!2m3!1f0!2f0!3f0!3m2!1i1024!2i768!4f13.1!3m3!1m2!1s0x12cddabb5eea2f75%3A0xe0f036f7882d2cf7!2s3+Rue+Beno%C3%AEt+Bunico%2C+06300+Nice!5e0!3m2!1sfr!2sfr!4v1457455514572\" width=\"600\" height=\"450\" frameborder=\"0\" allowfullscreen=\"allowfullscreen\"><\/iframe><\/p>\n","protected":false},"excerpt":{"rendered":"<p>En pause&#8230; mais ils font partie de notre histoire \ud83d\ude42 Sur les th\u00e8mes : Communication \u2013 relations \u2013\u00a0langage Chez Bubulle Caf\u00e9, 3 rue Beno\u00eet Bunico dans le Vieux-Nice. Plusieurs soir\u00e9es vous seront propos\u00e9es. Des intervenants chaque fois diff\u00e9rents, tout au long de l\u2019ann\u00e9e, viendront pr\u00e9senter des concepts et des outils que vous aurez l\u2019opportunit\u00e9 de &#8230;<span class=\"read-more\"><a href=\"https:\/\/grandissons.org\/?page_id=2562\">>>Read more<\/a><\/span><\/p>\n","protected":false},"author":1,"featured_media":0,"parent":1817,"menu_order":0,"comment_status":"open","ping_status":"open","template":"","meta":{"footnotes":""},"_links":{"self":[{"href":"https:\/\/grandissons.org\/index.php?rest_route=\/wp\/v2\/pages\/2562"}],"collection":[{"href":"https:\/\/grandissons.org\/index.php?rest_route=\/wp\/v2\/pages"}],"about":[{"href":"https:\/\/grandissons.org\/index.php?rest_route=\/wp\/v2\/types\/page"}],"author":[{"embeddable":true,"href":"https:\/\/grandissons.org\/index.php?rest_route=\/wp\/v2\/users\/1"}],"replies":[{"embeddable":true,"href":"https:\/\/grandissons.org\/index.php?rest_route=%2Fwp%2Fv2%2Fcomments&post=2562"}],"version-history":[{"count":16,"href":"https:\/\/grandissons.org\/index.php?rest_route=\/wp\/v2\/pages\/2562\/revisions"}],"predecessor-version":[{"id":4378,"href":"https:\/\/grandissons.org\/index.php?rest_route=\/wp\/v2\/pages\/2562\/revisions\/4378"}],"up":[{"embeddable":true,"href":"https:\/\/grandissons.org\/index.php?rest_route=\/wp\/v2\/pages\/1817"}],"wp:attachment":[{"href":"https:\/\/grandissons.org\/index.php?rest_route=%2Fwp%2Fv2%2Fmedia&parent=2562"}],"curies":[{"name":"wp","href":"https:\/\/api.w.org\/{rel}","templated":true}]}}