{"id":156,"date":"2019-01-21T16:28:30","date_gmt":"2019-01-21T15:28:30","guid":{"rendered":"http:\/\/grandissons.org\/?page_id=156"},"modified":"2019-02-03T20:21:09","modified_gmt":"2019-02-03T19:21:09","slug":"le-developpement-du-langage","status":"publish","type":"page","link":"https:\/\/grandissons.org\/?page_id=156","title":{"rendered":"Le d\u00e9veloppement du langage"},"content":{"rendered":"<p><b>Le langage, mais \u00e0 quoi \u00e7a sert ? <\/b><\/p>\n<p>Tout d\u2019abord, il nous sert \u00e0 <b>communiquer<\/b> entre humains.<\/p>\n<p>Il est aussi le <b>support de la pens\u00e9e<\/b> et un acc\u00e8s \u00e0 la symbolisation.<\/p>\n<p>Le langage ne v\u00e9hicule pas seulement des informations ou des demandes : il sert aussi \u00e0 communiquer des sentiments, des impressions, des angoisses.<\/p>\n<p>Il prend une part essentielle dans les <b>relations<\/b> de l&rsquo;enfant avec autrui, et est intimement li\u00e9 au d\u00e9veloppement et \u00e0 la structuration du fonctionnement psychique.<\/p>\n<p>&nbsp;<\/p>\n<p><b>Voil\u00e0 qui est complexe\u00a0! Et de quoi est-il form\u00e9, ce langage\u00a0?\u00a0 <\/b><\/p>\n<p><b><span style=\"text-decoration: underline;\">Le langage<\/span><\/b> est la \u00ab\u00a0fonction qui permet d&rsquo;exprimer et de percevoir des \u00e9tats affectifs, des concepts, des id\u00e9es au moyen de signes \u00bb (Rondal)<\/p>\n<p><b><span style=\"text-decoration: underline;\">La langue<\/span><\/b> est un syst\u00e8me de code propre \u00e0 une communaut\u00e9.<\/p>\n<p><b><span style=\"text-decoration: underline;\">La parole<\/span><\/b> est la production de significations sous forme de sons articul\u00e9s.<\/p>\n<p>Le langage est form\u00e9 de quatre composantes\u00a0:<\/p>\n<ul>\n<li><span style=\"text-decoration: underline;\">La phon\u00e9tique<\/span> \u00a0: c&rsquo;est le niveau concernant les sons du langage (phon\u00e8mes)\u00a0:\u00a0<i>\/p\/, \/b\/, \/s\/, sont des phon\u00e8mes par exemple.<\/i><\/li>\n<li><span style=\"text-decoration: underline;\">La\u00a0 s\u00e9mantique<\/span><span style=\"line-height: 1.5em;\">: c&rsquo;est ce qui concerne les mots et leur signification (lexique),\u00a0<\/span><i>\u00ab\u00a0c\u00e2lin\u00a0\u00bb, \u00ab\u00a0doux\u00a0\u00bb, \u00ab\u00a0t\u00e9ter\u00a0\u00bb appartiennent au lexique.<\/i><\/li>\n<li><span style=\"text-decoration: underline;\">La\u00a0 syntaxe<\/span> \u00a0: ce sont les r\u00e8gles d&rsquo;associations des \u00e9l\u00e9ments du langage entre eux,\u00a0<i>La phrase\u00a0: \u00ab\u00a0D\u00e8s le matin, je t\u2019aime\u00a0\u00bb, est construite gr\u00e2ce aux r\u00e8gles syntaxiques du fran\u00e7ais.<\/i><\/li>\n<li><span style=\"text-decoration: underline;\">La pragmatique<\/span> : c\u2019est l\u2019\u00e9tude des actes de parole en situation (contexte, intonation, niveau de langage\u2026)\u00a0<i style=\"line-height: 1.5em;\">\u00ab\u00a0Il fait beau\u00a0\u00bb, peut servir \u00e0 meubler un silence, \u00e0 constater la m\u00e9t\u00e9o, ou \u00e0 sugg\u00e9rer que nous pourrions aller jouer dehors selon le contexte et l\u2019intonation par exemple.<\/i><\/li>\n<\/ul>\n<p>&nbsp;<\/p>\n<p><b>Ouah\u00a0! Mais comment en arrive-t-on \u00e0 ma\u00eetriser tout cela\u00a0? <\/b><\/p>\n<p>Tout d\u2019abord, nous pouvons noter que les adultes adaptent leur fa\u00e7on de parler lorsqu&rsquo;ils parlent aux enfants. En g\u00e9n\u00e9ral, les gens varient davantage leur <b>intonation<\/b> avec les jeunes enfants de fa\u00e7on \u00e0 maintenir leur attention. Les <b>structures sonores<\/b> sont aussi simplifi\u00e9es. Le <b>choix des mots<\/b> est \u00e9videmment plus restreint et les <b>structures syntaxiques<\/b> sont plus r\u00e9guli\u00e8res et plus compl\u00e8tes.<\/p>\n<p><b>\u00a0<\/b><\/p>\n<p><b>Alors, finalement, tout le monde y arrive\u00a0? <\/b><\/p>\n<p>En effet, le langage est si bien ancr\u00e9 dans le code g\u00e9n\u00e9tique de l\u2019homme que la majorit\u00e9 d\u2019entre nous parviendra \u00e0 l\u2019acqu\u00e9rir, m\u00eame en \u00e9tant porteur de handicaps. Le d\u00e9veloppement du langage est assez fixe d&rsquo;un enfant \u00e0 l&rsquo;autre, mais avec des variations dans les dates des diff\u00e9rentes \u00e9tapes.<\/p>\n<p><b>1)\u00a0\u00a0\u00a0\u00a0\u00a0 <\/b><b>Le stade pr\u00e9-linguistique<\/b><\/p>\n<p><i>a)\u00a0\u00a0\u00a0\u00a0\u00a0 <\/i><i><span style=\"text-decoration: underline;\">Le babillage (de 4-6 mois \u00e0 12 mois)<\/span><\/i><\/p>\n<p>D\u00e8s <b>0-2 mois<\/b>, le nouveau-n\u00e9 montre un int\u00e9r\u00eat privil\u00e9gi\u00e9 pour la voix humaine et est capable de <b>diff\u00e9rencier les phon\u00e8mes<\/b>.<\/p>\n<p>Il <b>joue avec les sons<\/b> que son appareil phonatoire permet de produire. Ses premi\u00e8res productions vocales sont les cris.\u00a0 Ils se diversifient d\u00e8s les premi\u00e8res semaines en fonction des \u00e9tats \u00e9prouv\u00e9s par l&rsquo;enfant (faim, douleur, appel, bien-\u00eatre\u2026)<\/p>\n<p>Vers <b>2-6 mois<\/b>, les <b>vocalisations se diversifient<\/b> (babil\u2026) Tous les b\u00e9b\u00e9s de la terre ont les capacit\u00e9s de prononcer tous les sons langagiers r\u00e9pertori\u00e9s. L&rsquo;ordre d&rsquo;acquisition de ces sons est \u00e0 peu-pr\u00e8s semblable pour tous les b\u00e9b\u00e9s.<\/p>\n<p>Au d\u00e9but, c\u2019est un jeu sensori- moteur, source de plaisir pour l&rsquo;enfant, qui s&rsquo;enrichit progressivement, et, entre, surtout apr\u00e8s le <b>5\u00e8me-6\u00e8me mois<\/b>, dans un <b>jeu interactif<\/b> avec l&rsquo;environnement maternant.<\/p>\n<p>&nbsp;<\/p>\n<p>La\u00a0 production de <b>syllabes<\/b>\u00a0 bien articul\u00e9es d\u00e9bute entre <b>6 et 8 mois<\/b>.<\/p>\n<p>\u00c0 partir de <b>8-10 mois<\/b>, les productions se modifient en fonction du langage du milieu environnant. Le b\u00e9b\u00e9 perd peu \u00e0 peu la capacit\u00e9 de distinguer les sons \u00e9trangers des sons de sa propre langue; il commence \u00e0 se cr\u00e9er des <b>classes de sons propres \u00e0 sa langue<\/b> et il assimile les sons des autres langues dans ces classes.<\/p>\n<p>\u00c0 l&rsquo;\u00e9volution des productions vocales s&rsquo;associe un d\u00e9veloppement de la <b>communication non verbale<\/b> : par le regard, puis par le sourire (mimiques). Par exemple, les sons qu&rsquo;il produit avec son p\u00e8re seront diff\u00e9rents de ceux qu&rsquo;il produit avec sa m\u00e8re.<\/p>\n<p>Et, vers <b>8-9 mois<\/b> <b>l&rsquo;attention conjointe<\/b> se d\u00e9veloppe (l&rsquo;enfant cherche \u00e0 attirer l&rsquo;attention d&rsquo;autrui, porte son regard sur ce qu&rsquo;on lui montre, pointe du doigt en direction d&rsquo;un objet.)<\/p>\n<p>&nbsp;<\/p>\n<p><i>b)\u00a0\u00a0\u00a0\u00a0\u00a0 <\/i><i><span style=\"text-decoration: underline;\">L&rsquo;\u00e9tape du premier mot (12-18 mois)<\/span><\/i><\/p>\n<p>Les <b>premiers mots<\/b> sont des mono- ou dissyllabes syst\u00e9matiquement associ\u00e9es \u00e0 certains objets ou \u00e0 certaines situations (demande, d\u00e9signation).<\/p>\n<p>&nbsp;<\/p>\n<p><b>2)\u00a0\u00a0\u00a0\u00a0\u00a0 <\/b><b>Stade holophrastique (18-24 mois) <\/b><\/p>\n<p>L&rsquo;enfant s&rsquo;exprime par <b>mots isol\u00e9s<\/b>.<\/p>\n<p>L&rsquo;accroissement du vocabulaire est tr\u00e8s variable d&rsquo;un enfant \u00e0 l&rsquo;autre et relativement lent jusque vers <b>16 mois<\/b> (moyenne 30 mots).<\/p>\n<p>Vers la fin de la deuxi\u00e8me ann\u00e9e, il s&rsquo;acc\u00e9l\u00e8re pour arriver \u00e0 250 \u00e0 300 mots vers <b>deux ans<\/b>.<\/p>\n<p>&nbsp;<\/p>\n<p>Vers <b>18 mois<\/b>, l&rsquo;enfant commence \u00e0 utiliser le\u00a0 <b>non<\/b>, qui montre un progr\u00e8s de son individualisation.<\/p>\n<p><b>3)\u00a0\u00a0\u00a0\u00a0\u00a0 <\/b><b>Stade syntaxique (de 2 \u00e0 5 ans) <\/b><\/p>\n<p>Les\u00a0 premi\u00e8res phrases (association de deux mots, pour d\u00e9signer une action) apparaissent entre <b>20 et 26 mois<\/b> (protolangage).<\/p>\n<p>&nbsp;<\/p>\n<p>Au cours de la\u00a0 <b>3\u00e8me ann\u00e9e<\/b> :<\/p>\n<ul>\n<li><b>L&rsquo;acquisition<\/b><b> <\/b><b>du<\/b><b> <\/b><b>vocabulaire<\/b> s&rsquo;intensifie pour atteindre environ 1000 mots \u00e0 3 ans.\u00a0<span style=\"line-height: 1.5em;\">L&rsquo;enfant perfectionne l&rsquo;articulation des diff\u00e9rents phon\u00e8mes.<\/span><\/li>\n<\/ul>\n<ul>\n<li><b>L\u2019acquisition de la syntaxe<\/b> fait son apparition\u00a0: les phrases sont d&rsquo;abord de \u00ab\u00a0style t\u00e9l\u00e9graphique\u00a0\u00bb (mots-phrases, mots-valises), puis comportent progressivement sujet, verbe, compl\u00e9ment, qualificatifs, pronoms.<\/li>\n<\/ul>\n<p><b>Le \u00ab\u00a0je\u00a0\u00bb<\/b> appara\u00eet vers <b>3 ans<\/b>, marquant une \u00e9tape importante de l&rsquo;individuation et de la reconnaissance de sa propre identit\u00e9 par l&rsquo;enfant.<\/p>\n<ul>\n<li>\u00a0<b>Le langage adulte<\/b><b> <\/b><b>de<\/b><b> <\/b><b>base<\/b>, correctement articul\u00e9, est g\u00e9n\u00e9ralement acquis entre <b>3 et 5 ans<\/b>. Au del\u00e0, le langage continue d&rsquo;\u00e9voluer : enrichissement du vocabulaire, perfectionnement de la syntaxe (concordance des temps, accord des participes pass\u00e9s)\u2026<\/li>\n<\/ul>\n<p><b>4)\u00a0\u00a0\u00a0\u00a0\u00a0 <\/b><b>Stade avanc\u00e9 (5 ans et plus) <\/b><\/p>\n<p>C&rsquo;est la p\u00e9riode o\u00f9 l&rsquo;enfant acquiert les <b>fonctions les plus fines du langage<\/b> (formes passives, les inversions verbales, etc.)<\/p>\n<p>Il cherche \u00e0 s\u2019exprimer de fa\u00e7on plus appropri\u00e9e au <b>contexte<\/b>. Ceci est rendu possible par le fait qu&rsquo;il se distancie de sa propre perception pour r\u00e9aliser que les autres ne per\u00e7oivent pas la r\u00e9alit\u00e9 de la m\u00eame fa\u00e7on que lui.<\/p>\n<p>La <b>prononciation<\/b> s\u2019affine, notamment quant aux liquides \/R\/ et \/l\/.<\/p>\n<p>Le langage progresse aussi sur le plan <b>expressif et cognitif<\/b> (acquisition de la m\u00e9taphore).<\/p>\n<p>Vers <b>6 ans<\/b> l&rsquo;enfant est en g\u00e9n\u00e9ral pr\u00eat pour l&rsquo;apprentissage du <b>langage \u00e9crit<\/b> : la lecture est normalement acquise en une ann\u00e9e scolaire, elle continuera de progresser par la suite (rapidit\u00e9, automatisation).<\/p>\n<p>&nbsp;<\/p>\n<p><b>Alors\u2026 pas d\u2019inqui\u00e9tude, tout va marcher comme sur des roulettes\u00a0? <\/b><\/p>\n<p>Malgr\u00e9 tout, des difficult\u00e9s d\u2019apprentissage du langage, ou m\u00eame des pathologies peuvent subvenir.<\/p>\n<p>Retenons qu\u2019environ 5% des enfants de 5 ans souffrent d\u2019un trouble du langage.<\/p>\n<p>Un bilan orthophonique, qui comprend des tests standardis\u00e9s, est n\u00e9cessaire pour pr\u00e9ciser la plupart des\u00a0 troubles.<\/p>\n<p>&nbsp;<\/p>\n<p><b>1)\u00a0\u00a0\u00a0\u00a0\u00a0 <\/b><b>Les troubles d\u2019articulation<\/b><\/p>\n<p>Il s&rsquo;agit de l\u2019alt\u00e9ration syst\u00e9matique d&rsquo;un ou de quelques <b>phon\u00e8mes<\/b> (z\u00e9zaiement, zozotement, schlintement\u2026)<\/p>\n<p>Ce trouble, isol\u00e9, est b\u00e9nin, sans cons\u00e9quences sur la suite du d\u00e9veloppement de la parole et du langage,\u00a0 mais il peut persister ind\u00e9finiment en l&rsquo;absence de r\u00e9\u00e9ducation.<\/p>\n<p>Il peut \u00e9galement \u00eatre associ\u00e9 \u00e0 d\u2019autres troubles de la parole et du langage.<\/p>\n<p><b>Conduite \u00e0 tenir<\/b> : une r\u00e9\u00e9ducation orthophonique est g\u00e9n\u00e9ralement indiqu\u00e9e vers l&rsquo;\u00e2ge de 5 ans.<\/p>\n<p>&nbsp;<\/p>\n<p><b>2)\u00a0\u00a0\u00a0\u00a0\u00a0 <\/b><b>Le retard de parole<\/b><\/p>\n<p>Il correspond \u00e0 la persistance des alt\u00e9rations phon\u00e9tiques et phonologiques observ\u00e9es normalement (confusion et substitution de phon\u00e8mes voisin, omissions des syllabes finales, distorsions diverses etc. (persistance du \u00ab\u00a0parler b\u00e9b\u00e9\u00a0\u00bb).<\/p>\n<p><b>Conduite \u00e0 tenir<\/b> : une r\u00e9\u00e9ducation orthophonique est indiqu\u00e9e si les troubles persistent au-del\u00e0 de 4-5 ans.<\/p>\n<p>&nbsp;<\/p>\n<p><b>3)\u00a0\u00a0\u00a0\u00a0\u00a0 <\/b><b>Le retard simple de langage<\/b><\/p>\n<p>Il s\u2019agit d\u2019une <b>atteinte<\/b><b> <\/b><b>des<\/b><b> <\/b><b>composantes<\/b><b> <\/b><b>syntaxiques<\/b> <b>et<\/b><b> <\/b><b>lexicales<\/b> du langage. Il s&rsquo;accompagne souvent d&rsquo;un retard de parole.<\/p>\n<ul>\n<li>l&rsquo;apparition du premier mot est tardive (apr\u00e8s 2 ans)<\/li>\n<li>le mot-phrase ou l&rsquo;assemblage de 2 mots appara\u00eet vers 3 ans<\/li>\n<li>les pronoms et notamment le \u00ab\u00a0je\u00a0\u00bb sont utilis\u00e9s vers 4 ans<\/li>\n<li>le vocabulaire est r\u00e9duit.<\/li>\n<li>l&rsquo;enfant n&rsquo;utilise pas de phrases complexes, ne respecte pas l&rsquo;ordre des mots, utilise la troisi\u00e8me personne au lieu du \u00ab\u00a0je\u00a0\u00bb.<\/li>\n<li>la compr\u00e9hension est meilleure que l&rsquo;expression.<\/li>\n<\/ul>\n<p>L&rsquo;\u00e9volution est favorable, mais ces difficult\u00e9s peuvent rendre difficile l&rsquo;insertion scolaire, avec un retentissement dans les autres secteurs d&rsquo;acquisition. Il faut pr\u00e9venir les difficult\u00e9s scolaires ult\u00e9rieures, en particulier concernant l\u2019acquisition du langage \u00e9crit.<\/p>\n<p><b>Conduite \u00e0 tenir : <\/b><\/p>\n<p>Une r\u00e9\u00e9ducation orthophonique est g\u00e9n\u00e9ralement indiqu\u00e9e \u00e0 partir de 4 ans, \u00e9ventuellement plus pr\u00e9cocement si les troubles sont s\u00e9v\u00e8res.<\/p>\n<p>Elle peut \u00eatre compl\u00e9t\u00e9e par une r\u00e9\u00e9ducation psychomotrice si un retard moteur, des difficult\u00e9s praxiques, ou des troubles de l&rsquo;organisation spatio-temporel sont associ\u00e9s.<\/p>\n<p>Une psychoth\u00e9rapie peut \u00eatre propos\u00e9e si des facteurs psychoaffectifs ou relationnels apparaissent pr\u00e9dominants.<\/p>\n<p>&nbsp;<\/p>\n<p>[<em>\u00c0 venir\u00a0: la dysphasie, le b\u00e9gaiement, le handicap<\/em>]<\/p>\n<p>&nbsp;<\/p>\n<p><b>A\u00efe\u00a0! Mais quand dois-je m\u2019inqui\u00e9ter\u00a0? <\/b><\/p>\n<ul>\n<li>Si l&rsquo;enfant ne <b>babille<\/b> pas entre <b>4 et 9 mois<\/b>, ou s&rsquo;il est g\u00e9n\u00e9ralement silencieux, il serait important de consulter un audiologiste afin de faire \u00e9valuer l&rsquo;audition.<\/li>\n<li>Si vers l&rsquo;\u00e2ge de <b>2 ans<\/b> l&rsquo;enfant ne produit que des <b>voyelles<\/b> et aucune consonne, ou si l&rsquo;enfant ne parle pas du tout.<\/li>\n<li>Si, apr\u00e8s <b>3 ans<\/b>, les <b>mots sont transform\u00e9s<\/b> au point de rendre le discours de l&rsquo;enfant inintelligible la plupart du temps ; si l&rsquo;enfant ne poss\u00e8de qu&rsquo;un <b>r\u00e9pertoire tr\u00e8s limit\u00e9<\/b> <b>de sons<\/b> ou s&rsquo;il doit utiliser r\u00e9guli\u00e8rement des gestes pour se faire comprendre.<\/li>\n<li>Vers l&rsquo;\u00e2ge de <b>5 ans<\/b>, si l&rsquo;enfant omet ou transforme r\u00e9guli\u00e8rement certains <b>sons<\/b> (\u00e0 l&rsquo;exception du r, du ch et du j), s&rsquo;il ne se fait pas facilement comprendre par des personnes non famili\u00e8res, s&rsquo;il omet des syllabes dans les mots.<\/li>\n<li>Si votre enfant <b>d&rsquo;\u00e2ge scolaire<\/b> pr\u00e9sente des <b>difficult\u00e9s persistantes<\/b> au plan de la prononciation ou que sa difficult\u00e9 \u00e0 se faire comprendre lui cause des frustrations, il y a lieu de consulter en orthophonie. Et s&rsquo;il a \u00e9t\u00e9 sujet \u00e0 de nombreuses otites et qu&rsquo;il pr\u00e9sente des difficult\u00e9s avec l&rsquo;acquisition des sons du langage, une \u00e9valuation en audiologie est recommand\u00e9e.<\/li>\n<\/ul>\n","protected":false},"excerpt":{"rendered":"<p>Le langage, mais \u00e0 quoi \u00e7a sert ? Tout d\u2019abord, il nous sert \u00e0 communiquer entre humains. Il est aussi le support de la pens\u00e9e et un acc\u00e8s \u00e0 la symbolisation. Le langage ne v\u00e9hicule pas seulement des informations ou des demandes : il sert aussi \u00e0 communiquer des sentiments, des impressions, des angoisses. Il &#8230;<span class=\"read-more\"><a href=\"https:\/\/grandissons.org\/?page_id=156\">>>Read more<\/a><\/span><\/p>\n","protected":false},"author":1,"featured_media":0,"parent":644,"menu_order":0,"comment_status":"open","ping_status":"open","template":"","meta":{"footnotes":""},"_links":{"self":[{"href":"https:\/\/grandissons.org\/index.php?rest_route=\/wp\/v2\/pages\/156"}],"collection":[{"href":"https:\/\/grandissons.org\/index.php?rest_route=\/wp\/v2\/pages"}],"about":[{"href":"https:\/\/grandissons.org\/index.php?rest_route=\/wp\/v2\/types\/page"}],"author":[{"embeddable":true,"href":"https:\/\/grandissons.org\/index.php?rest_route=\/wp\/v2\/users\/1"}],"replies":[{"embeddable":true,"href":"https:\/\/grandissons.org\/index.php?rest_route=%2Fwp%2Fv2%2Fcomments&post=156"}],"version-history":[{"count":3,"href":"https:\/\/grandissons.org\/index.php?rest_route=\/wp\/v2\/pages\/156\/revisions"}],"predecessor-version":[{"id":3470,"href":"https:\/\/grandissons.org\/index.php?rest_route=\/wp\/v2\/pages\/156\/revisions\/3470"}],"up":[{"embeddable":true,"href":"https:\/\/grandissons.org\/index.php?rest_route=\/wp\/v2\/pages\/644"}],"wp:attachment":[{"href":"https:\/\/grandissons.org\/index.php?rest_route=%2Fwp%2Fv2%2Fmedia&parent=156"}],"curies":[{"name":"wp","href":"https:\/\/api.w.org\/{rel}","templated":true}]}}