{"id":10,"date":"2014-01-05T18:20:42","date_gmt":"2014-01-05T17:20:42","guid":{"rendered":"http:\/\/grandissons.vinvin.tf\/?page_id=10"},"modified":"2018-07-09T14:32:32","modified_gmt":"2018-07-09T13:32:32","slug":"allaitons","status":"publish","type":"page","link":"https:\/\/grandissons.org\/?page_id=10","title":{"rendered":"Allaitement maternel"},"content":{"rendered":"<p style=\"text-align: justify;\">Allaiter, donner son sein avec son temps tout entier, quelle grande d\u00e9cision\u2026 Pourtant, elle pr\u00e9sente plusieurs avantages, et s\u2019informer au maximum \u00e0 ce sujet est dans tous les cas utile pour prendre une d\u00e9cision en pleine conscience.<\/p>\n<p>&nbsp;<\/p>\n<p><strong>Ce que nous faisons au sein de l&rsquo;association :<\/strong><\/p>\n<p style=\"text-align: justify;\">Nous organisons des \u00e9v\u00e9nements de soutien \u00e0 l&rsquo;allaitement, en particulier <a href=\"http:\/\/grandissons.org\/?page_id=1567\" target=\"_blank\" rel=\"noopener\">la GTT<\/a> comme l&rsquo;an dernier mais aussi <a href=\"http:\/\/grandissons.org\/?page_id=1874\" target=\"_blank\" rel=\"noopener\">des rencontres entre parents allaitants<\/a>.<\/p>\n<p style=\"text-align: justify;\">Nous vous informons des r\u00e9unions de soutien \u00e0 l&rsquo;allaitement qui ont lieu dans les environs (voir ci-dessous).<\/p>\n<p>Nous \u00e9crivons des articles sur ce sujet (cat\u00e9gorie <a href=\"http:\/\/grandissons.org\/?cat=95\" target=\"_blank\" rel=\"noopener\">Allaitement<\/a>).<\/p>\n<p>Nous mettons \u00e0 votre disposition des ressources (infos plus ou moins pointues, vid\u00e9os) sur le sujet, des livres et des magazines dans notre <a title=\"Lisons\" href=\"http:\/\/grandissons.org\/?page_id=15\" target=\"_blank\" rel=\"noopener\">biblioth\u00e8que de pr\u00eat<\/a>.<\/p>\n<p>La derni\u00e8re version de notre livret \u00ab\u00a0<em>Grandissons<\/em> vous informe sur l&rsquo;allaitement maternel\u00a0\u00bb (03\/06\/2015) :\u00a0<a href=\"http:\/\/grandissons.org\/wp-content\/uploads\/2014\/01\/livret_allaitement2.pdf\">livret_allaitement2<\/a><\/p>\n<hr \/>\n<p><strong>M\u00e9mo Allaitement<\/strong><\/p>\n<p>Les num\u00e9ros utiles (m\u00eame pendant les vacances)<\/p>\n<p><a href=\"http:\/\/grandissons.org\/wp-content\/uploads\/2014\/01\/memo.jpg\"><img decoding=\"async\" loading=\"lazy\" class=\"aligncenter size-full wp-image-1271\" src=\"http:\/\/grandissons.org\/wp-content\/uploads\/2014\/01\/memo.jpg\" alt=\"memo\" width=\"559\" height=\"424\" srcset=\"https:\/\/grandissons.org\/wp-content\/uploads\/2014\/01\/memo.jpg 559w, https:\/\/grandissons.org\/wp-content\/uploads\/2014\/01\/memo-300x227.jpg 300w\" sizes=\"(max-width: 559px) 100vw, 559px\" \/><\/a><\/p>\n<p>L&rsquo;annuaire des consultantes en lactation certifi\u00e9es IBCLC :\u00a0<a href=\"http:\/\/consultants-lactation.org\/index.php\/annuaire-des-ibclc\/annuaire-des-ibclc-departement\/\" target=\"_blank\" rel=\"noopener\">http:\/\/consultants-lactation.org\/index.php\/annuaire-des-ibclc\/annuaire-des-ibclc-departement\/<\/a><\/p>\n<hr \/>\n<p><strong>Agenda des r\u00e9unions de soutien \u00e0 l&rsquo;allaitement dans la r\u00e9gion :<\/strong><\/p>\n<p><em>Par B\u00e9b\u00e9 en Conscience<\/em>\u00a0: \u00e0 <strong>Fr\u00e9jus<\/strong>.<\/p>\n<p><a href=\"http:\/\/www.bebeenconscience.com\/allaitement.htm\" target=\"_blank\" rel=\"noopener\">http:\/\/www.bebeenconscience.com\/allaitement.htm<\/a><\/p>\n<p><em>Par LLL Esterel<\/em><\/p>\n<p><em>Par LLL<\/em> <strong>Nice<\/strong> : 1 mois sur 2<\/p>\n<p>La page r\u00e9gionale de la LLL regroupant les prochaines r\u00e9unions :\u00a0<a href=\"http:\/\/www.lllfrance.org\/Nous-contacter\/Coordonnees.html?cedepartementid=6\" target=\"_blank\" rel=\"noopener\">http:\/\/www.lllfrance.org\/Nous-contacter\/Coordonnees.html?cedepartementid=6<\/a><\/p>\n<p><em>Par Grandissons<\/em>\u00a0: \u00e0 <strong>Nice <\/strong>1 mois sur 2<\/p>\n<p><a href=\"http:\/\/grandissons.org\/?page_id=1874\" target=\"_blank\" rel=\"noopener\">http:\/\/grandissons.org\/?page_id=1874<\/a><\/p>\n<hr \/>\n<p>Une excellente illustration des<strong> dur\u00e9es de conservation du lait maternel<\/strong>. Par Orbie (son site : <a href=\"http:\/\/www.orbie.ca\" target=\"_blank\" rel=\"noopener\">www.orbie.ca<\/a>)<\/p>\n<p><a href=\"http:\/\/grandissons.org\/wp-content\/uploads\/2014\/01\/13184558_10154171157872421_1098809338_o.jpg\"><img decoding=\"async\" loading=\"lazy\" class=\"aligncenter wp-image-2646\" src=\"http:\/\/grandissons.org\/wp-content\/uploads\/2014\/01\/13184558_10154171157872421_1098809338_o.jpg\" alt=\"13184558_10154171157872421_1098809338_o\" width=\"499\" height=\"395\" srcset=\"https:\/\/grandissons.org\/wp-content\/uploads\/2014\/01\/13184558_10154171157872421_1098809338_o.jpg 1000w, https:\/\/grandissons.org\/wp-content\/uploads\/2014\/01\/13184558_10154171157872421_1098809338_o-300x237.jpg 300w, https:\/\/grandissons.org\/wp-content\/uploads\/2014\/01\/13184558_10154171157872421_1098809338_o-133x105.jpg 133w\" sizes=\"(max-width: 499px) 100vw, 499px\" \/><\/a><\/p>\n<hr \/>\n<p><strong>Quelques liens pour y voir clair :<\/strong><\/p>\n<p><a href=\"http:\/\/www.lllfrance.org\/\" target=\"_blank\" rel=\"noopener\"><img decoding=\"async\" loading=\"lazy\" class=\"size-thumbnail wp-image-38 alignleft\" style=\"color: #333333; font-style: normal; line-height: 24px; margin-top: 0.4em;\" src=\"http:\/\/grandissons.org\/wp-content\/uploads\/2014\/01\/LLL-logo-150x150.jpg\" alt=\"LLL-logo.ai\" width=\"150\" height=\"150\" \/><\/a><\/p>\n<p><strong>La Leche Ligue (LLL)<\/strong>\u00a0<a href=\"http:\/\/www.lllfrance.org\/\">http:\/\/www.lllfrance.org\/<\/a>\u00a0en plus de ses qualit\u00e9s de soutien, la LLL apporte beaucoup d&rsquo;informations sur son site.<\/p>\n<p>&nbsp;<\/p>\n<p>&nbsp;<\/p>\n<p>&nbsp;<\/p>\n<p>Et sur ce site \u00e9galement : <a href=\"http:\/\/www.lllfrance.org\/Allaiter-Aujourd-hui\/AA-64-Alcool-et-allaitement.html\" target=\"_blank\" rel=\"noopener\">le point sur alcool et allaitement<\/a><\/p>\n<p>&nbsp;<\/p>\n<p>&nbsp;<\/p>\n<p><a href=\"http:\/\/grandissons.org\/wp-content\/uploads\/2014\/01\/logospirallait.jpg\"><img decoding=\"async\" loading=\"lazy\" class=\"alignleft size-thumbnail wp-image-2554\" src=\"http:\/\/grandissons.org\/wp-content\/uploads\/2014\/01\/logospirallait-150x150.jpg\" alt=\"logospirallait\" width=\"150\" height=\"150\" srcset=\"https:\/\/grandissons.org\/wp-content\/uploads\/2014\/01\/logospirallait-150x150.jpg 150w, https:\/\/grandissons.org\/wp-content\/uploads\/2014\/01\/logospirallait-36x36.jpg 36w\" sizes=\"(max-width: 150px) 100vw, 150px\" \/><\/a><\/p>\n<p>Le site de <a href=\"http:\/\/spiralconnect.univ-lyon1.fr\/webapp\/website\/website.html?id=1828276&amp;pageId=107777\" target=\"_blank\" rel=\"noopener\">Spir&rsquo;Allait<\/a>, un site destin\u00e9 aux \u00e9tudiants en m\u00e9decine.<\/p>\n<p>&nbsp;<\/p>\n<p>&nbsp;<\/p>\n<p>&nbsp;<\/p>\n<p>&nbsp;<\/p>\n<p>&nbsp;<\/p>\n<p><a href=\"http:\/\/www.lactissima.com\/a-tire-d-ailes\/\" target=\"_blank\" rel=\"noopener\"><img decoding=\"async\" loading=\"lazy\" class=\"size-thumbnail wp-image-41 alignleft\" src=\"http:\/\/grandissons.org\/wp-content\/uploads\/2014\/01\/Logo-A-Tire-Daile-150x65.png\" alt=\"Logo-A-Tire-Daile\" width=\"150\" height=\"65\" \/><\/a><\/p>\n<p><strong>A tire d&rsquo;ailes<\/strong>, le blog de V\u00e9ronique Darmangeat, consultante en lactation, au sujet de l&rsquo;allaitement \u00e0 la reprise du travail :\u00a0<a href=\"http:\/\/www.lactissima.com\/a-tire-d-ailes\/\">http:\/\/www.lactissima.com\/a-tire-d-ailes\/<\/a><\/p>\n<p>Elle propose une lettre d&rsquo;information contenant des cas cliniques (on peut s&rsquo;y abonner en suivant <a href=\"http:\/\/allaiteraparis.us6.list-manage.com\/subscribe?u=0935d4b29411a0720c8c309c9&amp;id=59eab2b474\" target=\"_blank\" rel=\"noopener\">ce lien<\/a>).<\/p>\n<p>&nbsp;<\/p>\n<p><strong>Le CRAT<\/strong> (Centre de Recherche sur les Agents T\u00e9ratog\u00e8nes), service d\u2019information sur les risques des m\u00e9dicaments, vaccins, radiations et d\u00e9pendances, pendant la grossesse et l&rsquo;allaitement (site de r\u00e9f\u00e9rence !) :\u00a0<a href=\"http:\/\/www.lecrat.org\/sommaireFR.php3\">http:\/\/www.lecrat.org\/sommaireFR.php3<\/a><\/p>\n<p><a href=\"http:\/\/jesuisuneseinte.wordpress.com\" target=\"_blank\" rel=\"noopener\"><img decoding=\"async\" loading=\"lazy\" class=\"size-thumbnail wp-image-40 alignleft\" style=\"color: #333333; font-style: normal;\" src=\"http:\/\/grandissons.org\/wp-content\/uploads\/2014\/01\/pins-badge-allaitement-seinte-3432843-seinte-27df5_570x0-150x150.jpg\" alt=\"pins-badge-allaitement-seinte-3432843-seinte-27df5_570x0\" width=\"150\" height=\"150\" \/><\/a><\/p>\n<p>&nbsp;<\/p>\n<p><strong>Les Seintes<\/strong> : blog participatif, soutien \u00e0 l&rsquo;allaitement long :\u00a0<a href=\"http:\/\/jesuisuneseinte.wordpress.com\/\">http:\/\/jesuisuneseinte.wordpress.com<\/a><\/p>\n<p>&nbsp;<\/p>\n<p>&nbsp;<\/p>\n<p>&nbsp;<\/p>\n<p>&nbsp;<\/p>\n<p><a href=\"http:\/\/www.allaitementpourtous.com\/\" target=\"_blank\" rel=\"noopener\"><img decoding=\"async\" loading=\"lazy\" class=\"size-thumbnail wp-image-1272 alignleft\" src=\"http:\/\/grandissons.org\/wp-content\/uploads\/2014\/01\/641495_orig-150x150.jpg\" alt=\"641495_orig\" width=\"150\" height=\"150\" \/><\/a><\/p>\n<p><strong>Allaitement pour Tous<\/strong> : le site de Charlotte Yonge, un peu plus pointu, mais d&rsquo;une grande valeur pour les allaitements compliqu\u00e9s (DAL, freins&#8230;)<\/p>\n<p><a href=\"http:\/\/www.allaitementpourtous.com\/\" target=\"_blank\" rel=\"noopener\">http:\/\/www.allaitementpourtous.com\/<\/a><\/p>\n<p>&nbsp;<\/p>\n<p>&nbsp;<\/p>\n<p>&nbsp;<\/p>\n<p>&nbsp;<\/p>\n<p><a href=\"http:\/\/www.mamancherie.ca\/fr\/\" target=\"_blank\" rel=\"noopener\">\u00a0http:\/\/www.mamancherie.ca\/fr\/<\/a><\/p>\n<p>&nbsp;<\/p>\n<p><a href=\"http:\/\/www.lactitude.com\/text\/Formatrice.html\" target=\"_blank\" rel=\"noopener\">http:\/\/www.lactitude.com\/text\/Formatrice.html<\/a><\/p>\n<p>&nbsp;<\/p>\n<hr \/>\n<p><strong>Des articles int\u00e9ressants (en vrac) :\u00a0<\/strong><\/p>\n<p>&nbsp;<\/p>\n<ul>\n<li>Une excellente vid\u00e9o qui explique comment r\u00e9aliser l&rsquo;expression manuelle de son lait :\u00a0<a href=\"http:\/\/newborns.stanford.edu\/Breastfeeding\/HandExpression.html\" target=\"_blank\" rel=\"noopener\">http:\/\/newborns.stanford.edu\/Breastfeeding\/HandExpression.html<\/a><\/li>\n<li>Les quantit\u00e9s de lait qu&rsquo;on peut s&rsquo;attendre \u00e0 r\u00e9cup\u00e9rer au tire-lait :\u00a0<a href=\"http:\/\/www.nancymohrbacher.com\/blog\/2012\/11\/27\/how-much-milk-should-you-expect-to-pump.html\" target=\"_blank\" rel=\"noopener\">http:\/\/www.nancymohrbacher.com\/blog\/2012\/11\/27\/how-much-milk-should-you-expect-to-pump.html<\/a>\u00a0(nov 2012)<\/li>\n<li>La non-perte de poids lors de l&rsquo;allaitement :\u00a0<a href=\"http:\/\/abcnews.go.com\/Lifestyle\/big-fat-breastfeeding-lie-shouldnt-buy\/story?id=30279680\" target=\"_blank\" rel=\"noopener\">http:\/\/abcnews.go.com\/Lifestyle\/big-fat-breastfeeding-lie-shouldnt-buy\/story?id=30279680<\/a>\u00a0(avr 2015)<\/li>\n<li>L&rsquo;allaitement quand le b\u00e9b\u00e9 est allergique aux prot\u00e9ines de lait de vache :\u00a0<a href=\"http:\/\/www.babymeetstheworld.com\/cest-pas-si-complique\/son-intolerance-au-plv-quand-allaiter-nest-plus-un-choix\/\" target=\"_blank\" rel=\"noopener\">http:\/\/www.babymeetstheworld.com\/cest-pas-si-complique\/son-intolerance-au-plv-quand-allaiter-nest-plus-un-choix\/<\/a>\u00a0(mar 2015)<\/li>\n<li>T\u00e9moignage de l&rsquo;allaitement d&rsquo;un b\u00e9b\u00e9 atteint d&rsquo;une fente v\u00e9laire (anomalie\u00a0du palais) :\u00a0<a href=\"http:\/\/juste1truc.blogspot.fr\/2015\/03\/syndrome-pierre-robin.html\" target=\"_blank\" rel=\"noopener\">http:\/\/juste1truc.blogspot.fr\/2015\/03\/syndrome-pierre-robin.html<\/a><\/li>\n<li>Le syndrome d\u2019insuffisance de lait en tant que mythe culturellement construit :\u00a0<a href=\"http:\/\/www.cairn.info\/revue-spirale-2003-3-page-45.htm\" target=\"_blank\" rel=\"noopener\">http:\/\/www.cairn.info\/revue-spirale-2003-3-page-45.htm<\/a><\/li>\n<li>A propos de l&rsquo;alcool et de l&rsquo;allaitement :\u00a0<a href=\"http:\/\/www.lllfrance.org\/Allaiter-Aujourd-hui\/AA-64-Alcool-et-allaitement.html\" target=\"_blank\" rel=\"noopener\">http:\/\/www.lllfrance.org\/Allaiter-Aujourd-hui\/AA-64-Alcool-et-allaitement.html<\/a><\/li>\n<li>Programme de sevrage nocturne du Dr. Jay Gordon :\u00a0<a href=\"http:\/\/naitreaumonde.blogspot.fr\/2010\/07\/programme-de-sevrage-nocturne-du-dr-jay.html?m=1\">http:\/\/naitreaumonde.blogspot.fr\/2010\/07\/programme-de-sevrage-nocturne-du-dr-jay.html?m=1<\/a><\/li>\n<\/ul>\n<hr \/>\n<p>Sur le site de l&rsquo;<strong>Organisation Mondiale de la Sant\u00e9<\/strong>\u00a0:\u00a0<a href=\"http:\/\/www.who.int\/features\/factfiles\/breastfeeding\/facts\/fr\/index.html\">http:\/\/www.who.int\/features\/factfiles\/breastfeeding\/facts\/fr\/index.html<\/a><\/p>\n<p><span style=\"line-height: 1.5em;\"><strong>Les courbes de croissance des b\u00e9b\u00e9s allait\u00e9s<\/strong> (pas celles qui figurent sur les carnets de sant\u00e9 fran\u00e7ais) :\u00a0<\/span><a href=\"http:\/\/www.who.int\/childgrowth\/standards\/weight_for_age\/fr\/\" target=\"_blank\" rel=\"noopener\">http:\/\/www.who.int\/childgrowth\/standards\/weight_for_age\/fr\/<\/a><\/p>\n<p style=\"text-align: justify;\">La politique du cg06 concernant l&rsquo;allaitement des b\u00e9b\u00e9s gard\u00e9s par un tiers :\u00a0<a href=\"https:\/\/www.departement06.fr\/documents\/A-votre-service\/Solidarite-Social\/enfance\/dpt06-sante_enfance-allaiter-referentiel.pdf\" target=\"_blank\" rel=\"noopener\">https:\/\/www.departement06.fr\/documents\/A-votre-service\/Solidarite-Social\/enfance\/dpt06-sante_enfance-allaiter-referentiel.pdf<\/a><\/p>\n<hr \/>\n<blockquote><p>1) <strong>Recommandations de l\u2019OMS<\/strong><br \/>\n<em>L\u2019OMS recommande vivement l\u2019allaitement au sein exclusif pendant les six premiers mois suivant la naissance. De six mois \u00e0 deux ans, voire plus<\/em>, l\u2019allaitement doit \u00eatre compl\u00e9t\u00e9 par des aliments solides tels que des fruits ou des l\u00e9gumes en pur\u00e9e.<\/p>\n<p>En outre :<\/p>\n<p>l\u2019allaitement au sein doit commencer dans l\u2019heure suivant la naissance;<br \/>\nl\u2019enfant doit \u00eatre allait\u00e9 \u00ab\u00e0 la demande\u00bb, aussi souvent qu\u2019il le d\u00e9sire, nuit et jour ;<br \/>\nles biberons ou les t\u00e9tines sont \u00e0 \u00e9viter.<\/p>\n<p>2) <strong>Bienfaits pour la sant\u00e9 des nourrissons<\/strong><br \/>\nLe lait maternel est l\u2019aliment id\u00e9al pour les nouveau-n\u00e9s et les nourrissons. En effet, il apporte tous les nutriments n\u00e9cessaires \u00e0 leur d\u00e9veloppement et contient des anticorps qui les prot\u00e8gent de maladies courantes telles que la diarrh\u00e9e et la pneumonie, les deux premi\u00e8res causes de mortalit\u00e9 de l\u2019enfant dans le monde. Le lait maternel \u00e9tant imm\u00e9diatement disponible, les nourrissons allait\u00e9s au sein re\u00e7oivent une alimentation suffisante.<\/p>\n<p>3) <strong>Avantages pour les m\u00e8res<\/strong><br \/>\nL\u2019allaitement au sein pr\u00e9sente \u00e9galement des avantages pour la m\u00e8re. Lorsqu\u2019il est exclusif, il entra\u00eene souvent un arr\u00eat des r\u00e8gles, ce qui constitue une m\u00e9thode naturelle, mais pas infaillible, de contr\u00f4le des naissances (98% de protection au cours des 6 mois suivant l\u2019accouchement). L\u2019allaitement att\u00e9nue le risque de cancer du sein et de l\u2019ovaire \u00e0 un \u00e2ge plus avanc\u00e9, aide les femmes \u00e0 retrouver plus vite leur poids d\u2019avant la grossesse et permet de lutter contre l\u2019ob\u00e9sit\u00e9.<\/p>\n<p>4) <strong>Avantages \u00e0 long terme pour les enfants<\/strong><br \/>\nAu-del\u00e0 de ses bienfaits imm\u00e9diats, l\u2019allaitement maternel aide \u00e0 rester en bonne sant\u00e9 tout au long de la vie. Une fois adultes, les personnes qui ont \u00e9t\u00e9 allait\u00e9es au sein ont souvent une tension art\u00e9rielle et une cholest\u00e9rol\u00e9mie plus basses et souffrent plus rarement de surpoids, d\u2019ob\u00e9sit\u00e9 ou de diab\u00e8te de type 2. Elles obtiennent de meilleurs r\u00e9sultats aux tests d\u2019intelligence.<\/p>\n<p>5) <strong>Pourquoi ne pas utiliser les pr\u00e9parations pour nourrissons ?<\/strong><br \/>\nLes pr\u00e9parations pour nourrissons ne contiennent pas les anticorps pr\u00e9sents dans le lait maternel et comportent certains risques si elles ne sont pas pr\u00e9par\u00e9es correctement, li\u00e9s \u00e0 l\u2019utilisation d\u2019eau non potable ou de mat\u00e9riel non st\u00e9rilis\u00e9, ou en raison de la pr\u00e9sence possible de bact\u00e9ries dans les pr\u00e9parations en poudre. Une dilution trop importante de la pr\u00e9paration dans un souci d\u2019\u00e9conomie peut \u00eatre source de malnutrition. En outre, pour maintenir les mont\u00e9es de lait, les t\u00e9t\u00e9es doivent \u00eatre fr\u00e9quentes. Si l\u2019on ne dispose plus de pr\u00e9paration pour nourrissons, il sera peut-\u00eatre impossible de revenir \u00e0 l\u2019allaitement maternel car la production de lait aura diminu\u00e9.<\/p>\n<p>6) <strong>VIH\/sida et allaitement maternel<\/strong><br \/>\nUne m\u00e8re s\u00e9ropositive peut transmettre l\u2019infection \u00e0 son enfant pendant la grossesse, l\u2019accouchement et l\u2019allaitement. Le traitement antir\u00e9troviral (ARV) de la m\u00e8re ou du nourrisson expos\u00e9 au VIH r\u00e9duit le risque de transmission par le lait maternel. L\u2019allaitement maternel, alli\u00e9 au traitement antir\u00e9troviral, est susceptible d\u2019am\u00e9liorer consid\u00e9rablement les chances pour l\u2019enfant de survivre sans \u00eatre infect\u00e9 par le VIH. L\u2019OMS recommande d\u2019administrer des antir\u00e9troviraux aux m\u00e8res s\u00e9ropositives, en leur demandant de suivre les recommandations de l\u2019OMS concernant l\u2019allaitement maternel et l\u2019alimentation d\u2019appoint.<\/p>\n<p>7) <strong>R\u00e8glementation de la commercialisation des substituts du lait maternel<\/strong><br \/>\nUn code international, destin\u00e9 \u00e0 r\u00e9glementer la commercialisation des substituts du lait maternel, a \u00e9t\u00e9 adopt\u00e9 en 1981.\u00a0<a href=\"http:\/\/grandissons.org\/wp-content\/uploads\/2014\/01\/code_french.pdf\">code_french<\/a><\/p>\n<p>Il pr\u00e9voit :<\/p>\n<p>que les bienfaits de l\u2019allaitement et les risques des substituts pour la sant\u00e9 doivent figurer sur les emballages ;<br \/>\nqu&rsquo;il ne doit pas y avoir de promotion des substituts du lait maternel ;<br \/>\nqu&rsquo;il ne faut pas offrir d\u2019\u00e9chantillons gratuits de pr\u00e9parations aux femmes enceintes ou aux m\u00e8res ;<br \/>\nqu&rsquo;il ne faut pas distribuer des substituts gratuits dans les \u00e9tablissements de sant\u00e9.<\/p>\n<p>8) <strong>Les m\u00e8res ont absolument besoin de soutien<\/strong><br \/>\nAllaiter au sein, \u00e7a s\u2019apprend et beaucoup de femmes rencontrent des difficult\u00e9s au d\u00e9but. Il est fr\u00e9quent qu\u2019elles aient mal aux mamelons ou qu\u2019elles craignent de ne pas avoir assez de lait pour alimenter leur enfant. Les \u00e9tablissements de sant\u00e9 soutiennent l\u2019allaitement maternel \u2013 en mettant \u00e0 disposition des conseillers qualifi\u00e9s. Gr\u00e2ce \u00e0 une initiative commune de l\u2019OMS et de l\u2019UNICEF, il existe aujourd\u2019hui, plus de 20 000 \u00e9tablissements \u00ab<em>amis des b\u00e9b\u00e9s<\/em>\u00bb, dans 152 pays.<\/p>\n<p>9) <strong>Allaitement et activit\u00e9 professionnelle<\/strong><br \/>\nDe nombreuses m\u00e8res qui retournent travailler abandonnent l\u2019allaitement au sein exclusif avant que ne se soit \u00e9coul\u00e9e la p\u00e9riode de six mois recommand\u00e9e car elles ne disposent pas d\u2019assez de temps ou d\u2019un endroit ad\u00e9quat pour allaiter ou tirer et conserver le lait sur leur lieu de travail. Les m\u00e8res doivent avoir acc\u00e8s, sur leur lieu de travail ou \u00e0 proximit\u00e9, \u00e0 un endroit propre et intime pour pouvoir continuer \u00e0 allaiter au sein. Des conditions propices au travail peuvent les aider, par exemple un cong\u00e9 maternit\u00e9 r\u00e9mun\u00e9r\u00e9, des possibilit\u00e9s de travailler \u00e0 temps partiel, des locaux pour tirer et conserver le lait et des pauses pour allaiter.<\/p>\n<p>10) <strong>La phase suivante : l\u2019introduction de nouveaux aliments<\/strong><br \/>\nLorsque l\u2019enfant atteint l\u2019\u00e2ge de six mois, il faut, pour r\u00e9pondre \u00e0 ses besoins, introduire des aliments solides. L\u2019OMS pr\u00e9conise :<\/p>\n<p>de ne pas diminuer le nombre de t\u00e9t\u00e9es ;<br \/>\nde donner les aliments \u00e0 la cuill\u00e8re ou dans une tasse, pas au biberon ;<br \/>\nde donner des aliments qui pr\u00e9sentent toutes les garanties d\u2019hygi\u00e8ne et que l\u2019on puisse se procurer localement ;<br \/>\nde laisser suffisamment de temps aux enfants pour apprendre \u00e0 manger des aliments solides.\u00a0\u00bb<\/p>\n<p>&nbsp;<\/p><\/blockquote>\n","protected":false},"excerpt":{"rendered":"<p>Allaiter, donner son sein avec son temps tout entier, quelle grande d\u00e9cision\u2026 Pourtant, elle pr\u00e9sente plusieurs avantages, et s\u2019informer au maximum \u00e0 ce sujet est dans tous les cas utile pour prendre une d\u00e9cision en pleine conscience. &nbsp; Ce que nous faisons au sein de l&rsquo;association : Nous organisons des \u00e9v\u00e9nements de soutien \u00e0 l&rsquo;allaitement, &#8230;<span class=\"read-more\"><a href=\"https:\/\/grandissons.org\/?page_id=10\">>>Read more<\/a><\/span><\/p>\n","protected":false},"author":1,"featured_media":0,"parent":21,"menu_order":0,"comment_status":"open","ping_status":"open","template":"","meta":{"footnotes":""},"_links":{"self":[{"href":"https:\/\/grandissons.org\/index.php?rest_route=\/wp\/v2\/pages\/10"}],"collection":[{"href":"https:\/\/grandissons.org\/index.php?rest_route=\/wp\/v2\/pages"}],"about":[{"href":"https:\/\/grandissons.org\/index.php?rest_route=\/wp\/v2\/types\/page"}],"author":[{"embeddable":true,"href":"https:\/\/grandissons.org\/index.php?rest_route=\/wp\/v2\/users\/1"}],"replies":[{"embeddable":true,"href":"https:\/\/grandissons.org\/index.php?rest_route=%2Fwp%2Fv2%2Fcomments&post=10"}],"version-history":[{"count":64,"href":"https:\/\/grandissons.org\/index.php?rest_route=\/wp\/v2\/pages\/10\/revisions"}],"predecessor-version":[{"id":3269,"href":"https:\/\/grandissons.org\/index.php?rest_route=\/wp\/v2\/pages\/10\/revisions\/3269"}],"up":[{"embeddable":true,"href":"https:\/\/grandissons.org\/index.php?rest_route=\/wp\/v2\/pages\/21"}],"wp:attachment":[{"href":"https:\/\/grandissons.org\/index.php?rest_route=%2Fwp%2Fv2%2Fmedia&parent=10"}],"curies":[{"name":"wp","href":"https:\/\/api.w.org\/{rel}","templated":true}]}}